{"id":12,"date":"2021-03-24T12:14:18","date_gmt":"2021-03-24T12:14:18","guid":{"rendered":"https:\/\/bnt-trier.live\/?page_id=12"},"modified":"2026-02-03T08:35:10","modified_gmt":"2026-02-03T08:35:10","slug":"the-new-umoma-opens-its-doors-2","status":"publish","type":"page","link":"https:\/\/bnt-trier.live\/","title":{"rendered":"BNT"},"content":{"rendered":"\n<h1 class=\"wp-block-heading has-text-align-center\"><strong>Dein<\/strong> Bachelor <strong>Pro!<\/strong><\/h1>\n\n\n\n<h1 class=\"wp-block-heading has-text-align-center\"><strong>Dein <\/strong>Abitur<strong>!<\/strong><\/h1>\n\n\n\n<p class=\"has-text-align-center\">Nimm vor Ort oder digital teil  &#8211; Hyperlinks unten!<\/p>\n\n\n\n<p class=\"has-text-align-center\">Deine Ausbildung, nat\u00fcrlich auch mit Blick auf KI! <br>Sowie dem KI Bachelor Pro &#8211; Informatiktechnik &#8211; Vertiefung K\u00fcnstliche Intelligenz!<\/p>\n\n\n<div class=\"wp-block-image\">\n<figure class=\"aligncenter size-large is-resized\"><img loading=\"lazy\" decoding=\"async\" width=\"865\" height=\"1024\" src=\"https:\/\/bnt-trier.live\/wp-content\/uploads\/2024\/01\/fobizz-Siegel-2023-2024-865x1024.jpg\" alt=\"\" class=\"wp-image-177\" style=\"width:286px;height:auto\" srcset=\"https:\/\/bnt-trier.live\/wp-content\/uploads\/2024\/01\/fobizz-Siegel-2023-2024-865x1024.jpg 865w, https:\/\/bnt-trier.live\/wp-content\/uploads\/2024\/01\/fobizz-Siegel-2023-2024-253x300.jpg 253w, https:\/\/bnt-trier.live\/wp-content\/uploads\/2024\/01\/fobizz-Siegel-2023-2024-768x909.jpg 768w, https:\/\/bnt-trier.live\/wp-content\/uploads\/2024\/01\/fobizz-Siegel-2023-2024-1297x1536.jpg 1297w, https:\/\/bnt-trier.live\/wp-content\/uploads\/2024\/01\/fobizz-Siegel-2023-2024-1730x2048.jpg 1730w, https:\/\/bnt-trier.live\/wp-content\/uploads\/2024\/01\/fobizz-Siegel-2023-2024-1200x1421.jpg 1200w, https:\/\/bnt-trier.live\/wp-content\/uploads\/2024\/01\/fobizz-Siegel-2023-2024-1980x2345.jpg 1980w, https:\/\/bnt-trier.live\/wp-content\/uploads\/2024\/01\/fobizz-Siegel-2023-2024.jpg 1988w\" sizes=\"auto, (max-width: 865px) 100vw, 865px\" \/><\/figure>\n<\/div>\n\n\n<div class=\"wp-block-group alignwide\"><div class=\"wp-block-group__inner-container is-layout-flow wp-block-group-is-layout-flow\">\n<p class=\"has-text-align-center\" style=\"font-size:38px\">Infoabend <br>Technisches <strong>Gymnasium <\/strong><br>am 11. Februar 2026 ab 18:00 Uhr<\/p>\n\n\n\n<p class=\"has-text-align-center\"><strong>Digital teilnehmen beim TG mit YouTube! &gt;<a href=\"https:\/\/youtube.com\/live\/5kjXBnc-t_s?feature=share\" target=\"_blank\" rel=\"noreferrer noopener\">klick<\/a>&lt;<\/strong><\/p>\n\n\n\n<figure class=\"wp-block-embed is-type-video is-provider-youtube wp-block-embed-youtube wp-embed-aspect-16-9 wp-has-aspect-ratio\"><div class=\"wp-block-embed__wrapper\">\n<iframe loading=\"lazy\" title=\"BNT - Technisches Gymnasium - Informationsabend\" width=\"580\" height=\"326\" src=\"https:\/\/www.youtube.com\/embed\/5kjXBnc-t_s?feature=oembed\" frameborder=\"0\" allow=\"accelerometer; autoplay; clipboard-write; encrypted-media; gyroscope; picture-in-picture; web-share\" referrerpolicy=\"strict-origin-when-cross-origin\" allowfullscreen><\/iframe>\n<\/div><\/figure>\n\n\n\n<p class=\"has-text-align-center\" style=\"font-size:38px\">Infoabend <br><strong>Fachschule<\/strong> Technik<br>am 19. Februar 2026 ab 18:00 Uhr<\/p>\n\n\n\n<p class=\"has-text-align-center\" style=\"font-size:21px\"><strong>Digital teilnehmen in der FS mit AlfaView! &gt;<a href=\"https:\/\/app.alfaview.com\/#\/join\/bnt-trier\/b1bd778b-dc18-4186-a50e-b79d043ae774\/LDp5EERHwb2yUToFRXcaBTRBH4SyRYc1\/v2\">klick<\/a><\/strong>&lt;<\/p>\n\n\n\n<figure class=\"wp-block-image size-full\"><a href=\"https:\/\/www.unserebroschuere.de\/bnt-trier\/WebView\" target=\"_blank\" rel=\"noreferrer noopener\"><img loading=\"lazy\" decoding=\"async\" width=\"605\" height=\"844\" src=\"https:\/\/bnt-trier.live\/wp-content\/uploads\/2024\/01\/BroschuereBNT2024-Cover.png\" alt=\"\" class=\"wp-image-180\" srcset=\"https:\/\/bnt-trier.live\/wp-content\/uploads\/2024\/01\/BroschuereBNT2024-Cover.png 605w, https:\/\/bnt-trier.live\/wp-content\/uploads\/2024\/01\/BroschuereBNT2024-Cover-215x300.png 215w\" sizes=\"auto, (max-width: 605px) 100vw, 605px\" \/><\/a><\/figure>\n\n\n\n<p class=\"has-text-align-center has-small-font-size\"><a href=\"https:\/\/www.unserebroschuere.de\/bnt-trier\/WebView\">https:\/\/www.unserebroschuere.de\/bnt-trier\/WebView<\/a><\/p>\n\n\n\n<p>Vorhergehende Infoabende als Beispiel und ggf. Vorabinformation:<\/p>\n\n\n\n<figure class=\"wp-block-embed is-type-video is-provider-youtube wp-block-embed-youtube wp-embed-aspect-16-9 wp-has-aspect-ratio\"><div class=\"wp-block-embed__wrapper\">\n<iframe loading=\"lazy\" title=\"Informationsabend Technisches Gymnasium @ BNT 2022\" width=\"580\" height=\"326\" src=\"https:\/\/www.youtube.com\/embed\/hn8Jvfy_1Ck?feature=oembed\" frameborder=\"0\" allow=\"accelerometer; autoplay; clipboard-write; encrypted-media; gyroscope; picture-in-picture; web-share\" referrerpolicy=\"strict-origin-when-cross-origin\" allowfullscreen><\/iframe>\n<\/div><\/figure>\n\n\n<div class=\"wp-block-image is-resized is-style-rounded\">\n<figure class=\"aligncenter size-large\"><a href=\"https:\/\/www.youtube.com\/channel\/UCP-SwQmQ9R48-vBcVRTStfg\" target=\"_blank\" rel=\"noopener\"><img loading=\"lazy\" decoding=\"async\" width=\"1024\" height=\"493\" src=\"https:\/\/bnt-trier.live\/wp-content\/uploads\/2022\/01\/image-1024x493.png\" alt=\"\" class=\"wp-image-140\" srcset=\"https:\/\/bnt-trier.live\/wp-content\/uploads\/2022\/01\/image-1024x493.png 1024w, https:\/\/bnt-trier.live\/wp-content\/uploads\/2022\/01\/image-300x145.png 300w, https:\/\/bnt-trier.live\/wp-content\/uploads\/2022\/01\/image-768x370.png 768w, https:\/\/bnt-trier.live\/wp-content\/uploads\/2022\/01\/image-1200x578.png 1200w, https:\/\/bnt-trier.live\/wp-content\/uploads\/2022\/01\/image.png 1455w\" sizes=\"auto, (max-width: 1024px) 100vw, 1024px\" \/><\/a><figcaption class=\"wp-element-caption\">Und hier auch viele weitere Infos im Kanal!<\/figcaption><\/figure>\n<\/div>\n\n\n<p class=\"has-text-align-center has-normal-font-size\" style=\"font-style:normal;font-weight:700\">F\u00fcr die anschlie\u00dfende Beratung ab ca. 18:20 laden wir sie gerne zu uns ans BNT ein. Wir sind auch im Chat ansprechbar, jedoch personell nicht so stark vertreten.<\/p>\n\n\n\n<p class=\"has-text-align-center\" style=\"font-size:48px\"><mark style=\"background-color:rgba(0, 0, 0, 0)\" class=\"has-inline-color has-subtle-background-color\"><strong> <\/strong><\/mark><strong><a href=\"mailto:tg-verwaltung@bnt-trier.com\"><mark style=\"background-color:rgba(0, 0, 0, 0);color:#fffb2b\" class=\"has-inline-color\">Anmelden oder Fragen?!<\/mark><\/a><\/strong><\/p>\n\n\n\n<p class=\"has-text-align-center\">Tel.: 0651- 91800-10 oder 0651-918-00-11<\/p>\n\n\n\n<h2 class=\"wp-block-heading has-text-align-center\" id=\"dein-abi-bnt\" style=\"font-size:46px\">Dein Abi @ BNT!<\/h2>\n\n\n\n<h2 class=\"wp-block-heading has-text-align-center\" id=\"dein-abi-bnt\" style=\"font-size:46px\">Dein Bachelor PRO @ BNT!<\/h2>\n\n\n\n<figure class=\"wp-block-embed is-type-video is-provider-youtube wp-block-embed-youtube wp-embed-aspect-16-9 wp-has-aspect-ratio\"><div class=\"wp-block-embed__wrapper\">\n<iframe loading=\"lazy\" title=\"ABI @ BNT Trier\" width=\"580\" height=\"326\" src=\"https:\/\/www.youtube.com\/embed\/682UCczNQfU?feature=oembed\" frameborder=\"0\" allow=\"accelerometer; autoplay; clipboard-write; encrypted-media; gyroscope; picture-in-picture; web-share\" referrerpolicy=\"strict-origin-when-cross-origin\" allowfullscreen><\/iframe>\n<\/div><\/figure>\n\n\n\n<h2 class=\"wp-block-heading\" id=\"tools-bnt\"><strong>Tools <\/strong>@ BNT?<\/h2>\n\n\n\n<h3 class=\"wp-block-heading\" id=\"unterricht-bnt\">= Unterricht @ BNT<\/h3>\n\n\n\n<p>Sehr geehrte Dame und Herren,<\/p>\n\n\n\n<p><strong>liebe angehende Sch\u00fcler*innen, Studierende, liebe Eltern,<\/strong><br>wir hei\u00dfen Sie am BNT herzlich willkommen! Aufgrund der besonderen Lage m\u00f6chten wir fr\u00fchzeitig unseren Teil dazu beitragen, Ihnen einen reibungslosen Start in euer\/Ihr neues Schuljahr 25\/26 zu erm\u00f6glichen. Vorab finden Sie hier ein Schreiben zu den Werkzeugen, die wir t\u00e4glich am BNT einsetzen. Selbstverst\u00e4ndlich werden Sie diese auch noch personalisiert erhalten!<\/p>\n\n\n\n<p>Word Dokument<\/p>\n\n\n\n<div class=\"wp-block-file\"><a id=\"wp-block-file--media-deba87ee-a2f2-4b16-a1ad-daece2baf08e\" href=\"https:\/\/bnt-trier.live\/wp-content\/uploads\/2025\/01\/BNT_lerInnenDigitalDurchstarten_2025vsc.docx\" target=\"_blank\" rel=\"noreferrer noopener\">BNT_lerInnenDigitalDurchstarten_2025vsc<\/a><a href=\"https:\/\/bnt-trier.live\/wp-content\/uploads\/2025\/01\/BNT_lerInnenDigitalDurchstarten_2025vsc.docx\" class=\"wp-block-file__button wp-element-button\" download aria-describedby=\"wp-block-file--media-deba87ee-a2f2-4b16-a1ad-daece2baf08e\">Herunterladen<\/a><\/div>\n\n\n\n<p>PDF<\/p>\n\n\n\n<div data-wp-interactive=\"core\/file\" class=\"wp-block-file\"><object data-wp-bind--hidden=\"!state.hasPdfPreview\" hidden class=\"wp-block-file__embed\" data=\"https:\/\/bnt-trier.live\/wp-content\/uploads\/2025\/01\/BNT_lerInnenDigitalDurchstarten_2025vsc.pdf\" type=\"application\/pdf\" style=\"width:100%;height:600px\" aria-label=\"Einbettung von BNT_lerInnenDigitalDurchstarten_2025vsc.\"><\/object><a id=\"wp-block-file--media-321bc01f-7c4c-4a5d-8e4f-c7ee7665bec4\" href=\"https:\/\/bnt-trier.live\/wp-content\/uploads\/2025\/01\/BNT_lerInnenDigitalDurchstarten_2025vsc.pdf\">BNT_lerInnenDigitalDurchstarten_2025vsc<\/a><a href=\"https:\/\/bnt-trier.live\/wp-content\/uploads\/2025\/01\/BNT_lerInnenDigitalDurchstarten_2025vsc.pdf\" class=\"wp-block-file__button wp-element-button\" download aria-describedby=\"wp-block-file--media-321bc01f-7c4c-4a5d-8e4f-c7ee7665bec4\">Herunterladen<\/a><\/div>\n\n\n\n<p>Besuch von Sven Teuber MdL und Lars Rieger MdL<\/p>\n\n\n\n<figure class=\"wp-block-embed is-type-video is-provider-youtube wp-block-embed-youtube wp-embed-aspect-16-9 wp-has-aspect-ratio\"><div class=\"wp-block-embed__wrapper\">\n<iframe loading=\"lazy\" title=\"BNT - Trier: Im Gespr\u00e4ch mit der Politik: Statement Seven Teuber\" width=\"580\" height=\"326\" src=\"https:\/\/www.youtube.com\/embed\/Fjkqg16PA64?feature=oembed\" frameborder=\"0\" allow=\"accelerometer; autoplay; clipboard-write; encrypted-media; gyroscope; picture-in-picture; web-share\" referrerpolicy=\"strict-origin-when-cross-origin\" allowfullscreen><\/iframe>\n<\/div><\/figure>\n\n\n\n<p><\/p>\n\n\n\n<div class=\"wp-block-columns alignwide is-layout-flex wp-container-core-columns-is-layout-9d6595d7 wp-block-columns-is-layout-flex\">\n<div class=\"wp-block-column is-layout-flow wp-block-column-is-layout-flow\">\n<div class=\"wp-block-group\"><div class=\"wp-block-group__inner-container is-layout-flow wp-block-group-is-layout-flow\">\n<h3 class=\"wp-block-heading\" id=\"grusswort-abi-bnt\">Gru\u00dfwort &#8211; Abi @ BNT!<\/h3>\n\n\n\n<figure class=\"wp-block-embed is-type-video is-provider-youtube wp-block-embed-youtube wp-embed-aspect-16-9 wp-has-aspect-ratio\"><div class=\"wp-block-embed__wrapper\">\n<iframe loading=\"lazy\" title=\"Gru\u00dfwort Verena Hubertz an die Abiturienten des BNT Trier\" width=\"580\" height=\"326\" src=\"https:\/\/www.youtube.com\/embed\/8VyZ4ZNUZZA?feature=oembed\" frameborder=\"0\" allow=\"accelerometer; autoplay; clipboard-write; encrypted-media; gyroscope; picture-in-picture; web-share\" referrerpolicy=\"strict-origin-when-cross-origin\" allowfullscreen><\/iframe>\n<\/div><\/figure>\n\n\n\n<div class=\"wp-block-button is-style-outline is-style-outline--1\"><a class=\"wp-block-button__link wp-element-button\" href=\"https:\/\/www.youtube.com\/user\/BNTlive\/videos\">More<\/a><\/div>\n\n\n\n<p><\/p>\n<\/div><\/div>\n\n\n\n<div class=\"wp-block-group\"><div class=\"wp-block-group__inner-container is-layout-flow wp-block-group-is-layout-flow\">\n<h3 class=\"wp-block-heading\" id=\"das-sagen-ehemalige-schulerinnen-bnt\">Das sagen ehemalige Sch\u00fclerInnen @ BNT<\/h3>\n\n\n\n<figure class=\"wp-block-embed is-type-video is-provider-youtube wp-block-embed-youtube wp-embed-aspect-16-9 wp-has-aspect-ratio\"><div class=\"wp-block-embed__wrapper\">\n<iframe loading=\"lazy\" title=\"Katrin Gro\u00df, Abiturientin am BNT 2012\" width=\"580\" height=\"326\" src=\"https:\/\/www.youtube.com\/embed\/Vmxghc789Fo?feature=oembed\" frameborder=\"0\" allow=\"accelerometer; autoplay; clipboard-write; encrypted-media; gyroscope; picture-in-picture; web-share\" referrerpolicy=\"strict-origin-when-cross-origin\" allowfullscreen><\/iframe>\n<\/div><\/figure>\n\n\n\n<p><\/p>\n\n\n\n<div class=\"wp-block-button is-style-outline is-style-outline--2\"><a class=\"wp-block-button__link wp-element-button\" href=\"https:\/\/www.youtube.com\/user\/BNTlive\/videos\">More<\/a><\/div>\n<\/div><\/div>\n\n\n\n<figure class=\"wp-block-embed is-type-video is-provider-youtube wp-block-embed-youtube wp-embed-aspect-16-9 wp-has-aspect-ratio\"><div class=\"wp-block-embed__wrapper\">\n<iframe loading=\"lazy\" title=\"Darf ich vorstellen? People @ BNT Trier\" width=\"580\" height=\"326\" src=\"https:\/\/www.youtube.com\/embed\/Ho6Np_HkwGI?feature=oembed\" frameborder=\"0\" allow=\"accelerometer; autoplay; clipboard-write; encrypted-media; gyroscope; picture-in-picture; web-share\" referrerpolicy=\"strict-origin-when-cross-origin\" allowfullscreen><\/iframe>\n<\/div><\/figure>\n\n\n\n<div class=\"wp-block-buttons is-layout-flex wp-block-buttons-is-layout-flex\">\n<div class=\"wp-block-button is-style-outline is-style-outline--3\"><a class=\"wp-block-button__link wp-element-button\" href=\"https:\/\/www.youtube.com\/user\/BNTlive\/videos\">MOre<\/a><\/div>\n<\/div>\n<\/div>\n\n\n\n<div class=\"wp-block-column is-layout-flow wp-block-column-is-layout-flow\">\n<div class=\"wp-block-group\"><div class=\"wp-block-group__inner-container is-layout-flow wp-block-group-is-layout-flow\">\n<h3 class=\"wp-block-heading\" id=\"das-sagen-schuler-bnt\">Das sagen Sch\u00fcler @ BNT<\/h3>\n\n\n\n<figure class=\"wp-block-embed is-type-video is-provider-youtube wp-block-embed-youtube wp-embed-aspect-16-9 wp-has-aspect-ratio\"><div class=\"wp-block-embed__wrapper\">\n<iframe loading=\"lazy\" title=\"Sch\u00fclerbeitrag - Infotag - Leon Schuckart @ BNT Trier\" width=\"580\" height=\"326\" src=\"https:\/\/www.youtube.com\/embed\/0AMRpLu2sns?feature=oembed\" frameborder=\"0\" allow=\"accelerometer; autoplay; clipboard-write; encrypted-media; gyroscope; picture-in-picture; web-share\" referrerpolicy=\"strict-origin-when-cross-origin\" allowfullscreen><\/iframe>\n<\/div><\/figure>\n\n\n\n<p><\/p>\n\n\n\n<div class=\"wp-block-button is-style-outline is-style-outline--4\"><a class=\"wp-block-button__link wp-element-button\" href=\"https:\/\/www.youtube.com\/user\/BNTlive\/videos\">More<\/a><\/div>\n\n\n\n<p><\/p>\n<\/div><\/div>\n\n\n\n<div class=\"wp-block-group\"><div class=\"wp-block-group__inner-container is-layout-flow wp-block-group-is-layout-flow\">\n<h3 class=\"wp-block-heading\" id=\"das-sagen-unsere-techniker-bnt\">Das sagen unsere Techniker <br>@ BNT<\/h3>\n\n\n\n<figure class=\"wp-block-embed is-type-video is-provider-youtube wp-block-embed-youtube wp-embed-aspect-16-9 wp-has-aspect-ratio\"><div class=\"wp-block-embed__wrapper\">\n<iframe loading=\"lazy\" title=\"Alexander Burger, BAT19 - Digitales Lernen kann funktionieren!\" width=\"580\" height=\"326\" src=\"https:\/\/www.youtube.com\/embed\/kWxIaIpIq4w?feature=oembed\" frameborder=\"0\" allow=\"accelerometer; autoplay; clipboard-write; encrypted-media; gyroscope; picture-in-picture; web-share\" referrerpolicy=\"strict-origin-when-cross-origin\" allowfullscreen><\/iframe>\n<\/div><\/figure>\n\n\n\n<p><\/p>\n\n\n\n<div class=\"wp-block-button is-style-outline is-style-outline--5\"><a class=\"wp-block-button__link wp-element-button\" href=\"https:\/\/www.youtube.com\/user\/BNTlive\/videos\">More<\/a><\/div>\n\n\n\n<figure class=\"wp-block-embed is-type-video is-provider-youtube wp-block-embed-youtube wp-embed-aspect-16-9 wp-has-aspect-ratio\"><div class=\"wp-block-embed__wrapper\">\n<iframe loading=\"lazy\" title=\"Begr\u00fc\u00dfung von Dr. Michael Sch\u00e4fer, Schulleiter des BNT\" width=\"580\" height=\"326\" src=\"https:\/\/www.youtube.com\/embed\/rjC9wFGqvVQ?feature=oembed\" frameborder=\"0\" allow=\"accelerometer; autoplay; clipboard-write; encrypted-media; gyroscope; picture-in-picture; web-share\" referrerpolicy=\"strict-origin-when-cross-origin\" allowfullscreen><\/iframe>\n<\/div><\/figure>\n\n\n\n<div class=\"wp-block-buttons is-layout-flex wp-block-buttons-is-layout-flex\">\n<div class=\"wp-block-button is-style-outline is-style-outline--6\"><a class=\"wp-block-button__link wp-element-button\" href=\"https:\/\/www.youtube.com\/user\/BNTlive\/videos\">More<\/a><\/div>\n<\/div>\n<\/div><\/div>\n<\/div>\n<\/div>\n\n\n\n<h2 class=\"wp-block-heading has-text-align-center has-accent-color has-text-color\" id=\"dein-abschluss-am-bnt\">\u201cDein Abschluss am BNT!\u201d<\/h2>\n\n\n\n<p class=\"has-drop-cap has-accent-color has-text-color\">Sende uns einfache deinen Aufnahmeantrag via <a href=\"mailto:tg-verwaltung@bnt-trier.com\" data-type=\"mailto\" data-id=\"mailto:tg-verwaltung@bnt-trier.com\" target=\"_blank\" rel=\"noreferrer noopener\">E-Mail<\/a>! <br>Wir freuen uns auf euch!<\/p>\n\n\n\n<p>Word<\/p>\n<\/div><\/div>\n\n\n\n<div class=\"wp-block-file\"><a id=\"wp-block-file--media-40222698-0ae5-4751-87d5-92e827ccaefa\" href=\"https:\/\/bnt-trier.live\/wp-content\/uploads\/2025\/01\/Aufnahmeantrag_BNT_TG_bnt-trier_live2025.docx\">Aufnahmeantrag_BNT_TG_bnt-trier_live2025<\/a><a href=\"https:\/\/bnt-trier.live\/wp-content\/uploads\/2025\/01\/Aufnahmeantrag_BNT_TG_bnt-trier_live2025.docx\" class=\"wp-block-file__button wp-element-button\" download aria-describedby=\"wp-block-file--media-40222698-0ae5-4751-87d5-92e827ccaefa\">Herunterladen<\/a><\/div>\n\n\n\n<p>PDF<\/p>\n\n\n\n<div data-wp-interactive=\"core\/file\" class=\"wp-block-file\"><object data-wp-bind--hidden=\"!state.hasPdfPreview\" hidden class=\"wp-block-file__embed\" data=\"https:\/\/bnt-trier.live\/wp-content\/uploads\/2025\/01\/Aufnahmeantrag_BNT_TG_bnt-trier_live2025.pdf\" type=\"application\/pdf\" style=\"width:100%;height:600px\" aria-label=\"Einbettung von Aufnahmeantrag_BNT_TG_bnt-trier_live2025.\"><\/object><a id=\"wp-block-file--media-068ba982-9f0a-4fec-842d-7ed8ed920b4e\" href=\"https:\/\/bnt-trier.live\/wp-content\/uploads\/2025\/01\/Aufnahmeantrag_BNT_TG_bnt-trier_live2025.pdf\">Aufnahmeantrag_BNT_TG_bnt-trier_live2025<\/a><a href=\"https:\/\/bnt-trier.live\/wp-content\/uploads\/2025\/01\/Aufnahmeantrag_BNT_TG_bnt-trier_live2025.pdf\" class=\"wp-block-file__button wp-element-button\" download aria-describedby=\"wp-block-file--media-068ba982-9f0a-4fec-842d-7ed8ed920b4e\">Herunterladen<\/a><\/div>\n\n\n\n<div class=\"wp-block-file\"><a id=\"wp-block-file--media-5ab1a959-e7b3-44bf-8e3b-d3afdcdbec2c\" href=\"https:\/\/bnt-trier.live\/wp-content\/uploads\/2021\/03\/Informationsblatt_TG_bnt-trier_live.pdf\">Informationsblatt_TG_bnt-trier_live<\/a><a href=\"https:\/\/bnt-trier.live\/wp-content\/uploads\/2021\/03\/Informationsblatt_TG_bnt-trier_live.pdf\" class=\"wp-block-file__button wp-element-button\" download aria-describedby=\"wp-block-file--media-5ab1a959-e7b3-44bf-8e3b-d3afdcdbec2c\"><br>Download<\/a><\/div>\n\n\n\n<p><\/p>\n\n\n\n<p><\/p>\n\n\n\n<p><\/p>\n\n\n\n<div class=\"wp-block-group alignwide has-background-color has-text-color has-background\" style=\"background-color:#ffffff\"><div class=\"wp-block-group__inner-container is-layout-flow wp-block-group-is-layout-flow\">\n<div class=\"wp-block-group\"><div class=\"wp-block-group__inner-container is-layout-flow wp-block-group-is-layout-flow\">\n<h2 class=\"wp-block-heading has-text-align-center\" id=\"mach-dein-abitur-oder-deinen-techniker-auf-bachelor-niveau-am-bnt\">Mach dein ABITUR oder deinen Techniker auf Bachelor-Niveau am BNT!<\/h2>\n\n\n\n<p class=\"has-text-align-center\">Noch ist es nicht zu sp\u00e4t!<\/p>\n\n\n\n<div class=\"wp-block-button aligncenter is-style-fill\"><a class=\"wp-block-button__link wp-element-button\" href=\"https:\/\/bnt-trier.live\/wp-content\/uploads\/2025\/01\/Aufnahmeantrag_BNT_TG_bnt-trier_live2025.pdf\">Join the Club<\/a><\/div>\n\n\n\n<p><\/p>\n<\/div><\/div>\n<\/div><\/div>\n\n\n\n<figure class=\"wp-block-gallery alignwide has-nested-images columns-default is-cropped wp-block-gallery-7 is-layout-flex wp-block-gallery-is-layout-flex\">\n<figure class=\"wp-block-image size-large is-style-rounded\"><img loading=\"lazy\" decoding=\"async\" width=\"1024\" height=\"438\" data-id=\"45\" src=\"https:\/\/bnt-trier.live\/wp-content\/uploads\/2021\/03\/BNT-Video-1024x438.png\" alt=\"\" class=\"wp-image-45\" srcset=\"https:\/\/bnt-trier.live\/wp-content\/uploads\/2021\/03\/BNT-Video-1024x438.png 1024w, https:\/\/bnt-trier.live\/wp-content\/uploads\/2021\/03\/BNT-Video-300x128.png 300w, https:\/\/bnt-trier.live\/wp-content\/uploads\/2021\/03\/BNT-Video-768x328.png 768w, https:\/\/bnt-trier.live\/wp-content\/uploads\/2021\/03\/BNT-Video-1536x657.png 1536w, https:\/\/bnt-trier.live\/wp-content\/uploads\/2021\/03\/BNT-Video-1200x513.png 1200w, https:\/\/bnt-trier.live\/wp-content\/uploads\/2021\/03\/BNT-Video.png 1548w\" sizes=\"auto, (max-width: 1024px) 100vw, 1024px\" \/><figcaption class=\"wp-element-caption\">BNT &#8211; Nicht die Schule von Gestern!<\/figcaption><\/figure>\n\n\n\n<figure class=\"wp-block-image size-large is-style-rounded\"><img loading=\"lazy\" decoding=\"async\" width=\"1024\" height=\"300\" data-id=\"46\" src=\"https:\/\/bnt-trier.live\/wp-content\/uploads\/2021\/03\/BNT-Banner-2-1024x300.png\" alt=\"\" class=\"wp-image-46\" srcset=\"https:\/\/bnt-trier.live\/wp-content\/uploads\/2021\/03\/BNT-Banner-2-1024x300.png 1024w, https:\/\/bnt-trier.live\/wp-content\/uploads\/2021\/03\/BNT-Banner-2-300x88.png 300w, https:\/\/bnt-trier.live\/wp-content\/uploads\/2021\/03\/BNT-Banner-2-768x225.png 768w, https:\/\/bnt-trier.live\/wp-content\/uploads\/2021\/03\/BNT-Banner-2-1536x450.png 1536w, https:\/\/bnt-trier.live\/wp-content\/uploads\/2021\/03\/BNT-Banner-2-1200x352.png 1200w, https:\/\/bnt-trier.live\/wp-content\/uploads\/2021\/03\/BNT-Banner-2.png 1920w\" sizes=\"auto, (max-width: 1024px) 100vw, 1024px\" \/><figcaption class=\"wp-element-caption\">Technisch<\/figcaption><\/figure>\n\n\n\n<figure class=\"wp-block-image size-large is-style-rounded\"><img loading=\"lazy\" decoding=\"async\" width=\"1024\" height=\"663\" data-id=\"47\" src=\"https:\/\/bnt-trier.live\/wp-content\/uploads\/2021\/03\/BNT-LOGO-Betterv2-1-1024x663.png\" alt=\"\" class=\"wp-image-47\" srcset=\"https:\/\/bnt-trier.live\/wp-content\/uploads\/2021\/03\/BNT-LOGO-Betterv2-1-1024x663.png 1024w, https:\/\/bnt-trier.live\/wp-content\/uploads\/2021\/03\/BNT-LOGO-Betterv2-1-300x194.png 300w, https:\/\/bnt-trier.live\/wp-content\/uploads\/2021\/03\/BNT-LOGO-Betterv2-1-768x497.png 768w, https:\/\/bnt-trier.live\/wp-content\/uploads\/2021\/03\/BNT-LOGO-Betterv2-1-1200x777.png 1200w, https:\/\/bnt-trier.live\/wp-content\/uploads\/2021\/03\/BNT-LOGO-Betterv2-1.png 1303w\" sizes=\"auto, (max-width: 1024px) 100vw, 1024px\" \/><\/figure>\n<\/figure>\n\n\n\n<p><\/p>\n","protected":false},"excerpt":{"rendered":"<p>Dein Bachelor Pro! Dein Abitur! Nimm vor Ort oder digital teil &#8211; Hyperlinks unten! Deine Ausbildung, nat\u00fcrlich auch mit Blick auf KI! Sowie dem KI Bachelor Pro &#8211; Informatiktechnik &#8211; Vertiefung K\u00fcnstliche Intelligenz! Infoabend Technisches Gymnasium am 11. Februar 2026 ab 18:00 Uhr Digital teilnehmen beim TG mit YouTube! &gt;klick&lt; Infoabend Fachschule Technikam 19. Februar [&hellip;]<\/p>\n","protected":false},"author":1,"featured_media":209,"parent":0,"menu_order":0,"comment_status":"closed","ping_status":"closed","template":"","meta":{"footnotes":""},"class_list":["post-12","page","type-page","status-publish","has-post-thumbnail","hentry"],"_links":{"self":[{"href":"https:\/\/bnt-trier.live\/index.php?rest_route=\/wp\/v2\/pages\/12","targetHints":{"allow":["GET"]}}],"collection":[{"href":"https:\/\/bnt-trier.live\/index.php?rest_route=\/wp\/v2\/pages"}],"about":[{"href":"https:\/\/bnt-trier.live\/index.php?rest_route=\/wp\/v2\/types\/page"}],"author":[{"embeddable":true,"href":"https:\/\/bnt-trier.live\/index.php?rest_route=\/wp\/v2\/users\/1"}],"replies":[{"embeddable":true,"href":"https:\/\/bnt-trier.live\/index.php?rest_route=%2Fwp%2Fv2%2Fcomments&post=12"}],"version-history":[{"count":63,"href":"https:\/\/bnt-trier.live\/index.php?rest_route=\/wp\/v2\/pages\/12\/revisions"}],"predecessor-version":[{"id":216,"href":"https:\/\/bnt-trier.live\/index.php?rest_route=\/wp\/v2\/pages\/12\/revisions\/216"}],"wp:featuredmedia":[{"embeddable":true,"href":"https:\/\/bnt-trier.live\/index.php?rest_route=\/wp\/v2\/media\/209"}],"wp:attachment":[{"href":"https:\/\/bnt-trier.live\/index.php?rest_route=%2Fwp%2Fv2%2Fmedia&parent=12"}],"curies":[{"name":"wp","href":"https:\/\/api.w.org\/{rel}","templated":true}]}}